{"id":154,"date":"2010-02-02T23:50:13","date_gmt":"2010-02-02T21:50:13","guid":{"rendered":"http:\/\/www.aggertalersegelclub.de\/wordpress\/?page_id=154"},"modified":"2022-06-27T11:49:46","modified_gmt":"2022-06-27T09:49:46","slug":"bildergalerie-2","status":"publish","type":"page","link":"https:\/\/www.aggertalersegelclub.de\/?page_id=154","title":{"rendered":"Bildergalerie"},"content":{"rendered":"<p>Bitte w\u00e4hlen Sie das entsprechende Album aus.<\/p>\n<p><img loading=\"lazy\" decoding=\"async\" class=\"alignnone size-full wp-image-512\" title=\"bildgal\" src=\"http:\/\/www.aggertalersegelclub.de\/wordpress\/wp-content\/uploads\/2010\/02\/bildgalgrafik1.jpg\" alt=\"\" width=\"649\" height=\"70\" srcset=\"https:\/\/www.aggertalersegelclub.de\/wordpress\/wp-content\/uploads\/2010\/02\/bildgalgrafik1.jpg 787w, https:\/\/www.aggertalersegelclub.de\/wordpress\/wp-content\/uploads\/2010\/02\/bildgalgrafik1-300x32.jpg 300w\" sizes=\"auto, (max-width: 649px) 100vw, 649px\" \/><\/p>\n<table style=\"border-collapse: collapse; height: 57px;\" border=\"0\" width=\"491\" cellspacing=\"0\" cellpadding=\"0\">\n<tbody>\n<tr>\n<td width=\"285\" height=\"12\"><strong> Bildergalerie<del><\/del><\/strong><\/td>\n<td align=\"center\" width=\"87\" height=\"12\"><strong>Bilder<\/strong><\/td>\n<td width=\"135\" height=\"12\"><strong> Fotograph<\/strong><\/td>\n<\/tr>\n<tr>\n<td width=\"285\" height=\"19\"><a href=\"https:\/\/www.aggertalersegelclub.de\/?page_id=5181\">ASC-Clubmeisterschaft 2022<\/a><\/td>\n<td style=\"text-align: center;\" width=\"87\" height=\"19\">7<\/td>\n<td width=\"135\" height=\"19\">M. Bilo<\/td>\n<\/tr>\n<tr>\n<td width=\"285\" height=\"19\">&nbsp;<\/td>\n<td style=\"text-align: center;\" width=\"87\" height=\"19\">&nbsp;<\/td>\n<td width=\"135\" height=\"19\">&nbsp;<\/td>\n<\/tr>\n<tr>\n<td width=\"285\" height=\"19\"><a href=\"https:\/\/www.aggertalersegelclub.de\/?page_id=4735\">Bootstaufe G. &amp; A. Zimmermann<\/a><\/td>\n<td style=\"text-align: center;\" width=\"87\" height=\"19\">19<\/td>\n<td width=\"135\" height=\"19\">H. + B. Schr\u00f6der<\/td>\n<\/tr>\n<tr>\n<td width=\"285\" height=\"19\"><a href=\"https:\/\/www.aggertalersegelclub.de\/?page_id=4703\">Jahreshauptversammlung 2019<\/a><\/td>\n<td style=\"text-align: center;\" width=\"87\" height=\"19\">2<\/td>\n<td width=\"135\" height=\"19\">M. Bilo<\/td>\n<\/tr>\n<tr>\n<td width=\"285\" height=\"19\"><a href=\"https:\/\/www.aggertalersegelclub.de\/?page_id=4657\">Winterwanderung 2019<\/a><\/td>\n<td style=\"text-align: center;\" width=\"87\" height=\"19\">10<\/td>\n<td width=\"135\" height=\"19\">B. Schr\u00f6der<\/td>\n<\/tr>\n<tr>\n<td width=\"285\" height=\"19\">&nbsp;<\/td>\n<td style=\"text-align: center;\" width=\"87\" height=\"19\">&nbsp;<\/td>\n<td width=\"135\" height=\"19\">&nbsp;<\/td>\n<\/tr>\n<tr>\n<td width=\"285\" height=\"19\"><a href=\"https:\/\/www.aggertalersegelclub.de\/?page_id=4547\">Arbeitsdienst Oktober 2018<\/a><\/td>\n<td style=\"text-align: center;\" width=\"87\" height=\"19\">13<\/td>\n<td width=\"135\" height=\"19\">H. Schr\u00f6der<\/td>\n<\/tr>\n<tr>\n<td width=\"285\" height=\"19\"><a href=\"https:\/\/www.aggertalersegelclub.de\/?page_id=4493\">Kentertraining 2018<\/a><\/td>\n<td style=\"text-align: center;\" width=\"87\" height=\"19\">9<\/td>\n<td width=\"135\" height=\"19\">B. Schr\u00f6der<\/td>\n<\/tr>\n<tr>\n<td width=\"285\" height=\"19\"><a href=\"https:\/\/www.aggertalersegelclub.de\/?page_id=4402\">Hafenfest 2018<\/a><\/td>\n<td style=\"text-align: center;\" width=\"87\" height=\"19\">48<\/td>\n<td width=\"135\" height=\"19\">B. Schr\u00f6der<\/td>\n<\/tr>\n<tr>\n<td width=\"285\" height=\"19\"><a href=\"https:\/\/www.aggertalersegelclub.de\/?page_id=4399\">Grillfest 2018<\/a><\/td>\n<td style=\"text-align: center;\" width=\"87\" height=\"19\">7<\/td>\n<td width=\"135\" height=\"19\">B. Schr\u00f6der<\/td>\n<\/tr>\n<tr>\n<td width=\"285\" height=\"19\"><a href=\"https:\/\/www.aggertalersegelclub.de\/?page_id=4396\">Ansegeln 2018<\/a><\/td>\n<td style=\"text-align: center;\" width=\"87\" height=\"19\">21<\/td>\n<td width=\"135\" height=\"19\">B. Schr\u00f6der<\/td>\n<\/tr>\n<tr>\n<td width=\"285\" height=\"19\"><a href=\"https:\/\/www.aggertalersegelclub.de\/?page_id=4393\">Arbeitsdienst April 2018<\/a><\/td>\n<td style=\"text-align: center;\" width=\"87\" height=\"19\">13<\/td>\n<td width=\"135\" height=\"19\">B. Schr\u00f6der<\/td>\n<\/tr>\n<tr>\n<td width=\"285\" height=\"19\">&nbsp;<\/td>\n<td style=\"text-align: center;\" width=\"87\" height=\"19\">&nbsp;<\/td>\n<td width=\"135\" height=\"19\">&nbsp;<\/td>\n<\/tr>\n<tr>\n<td width=\"285\" height=\"19\"><a href=\"http:\/\/www.aggertalersegelclub.de\/?page_id=3988\">Clubmeisterschaft 2017<\/a><\/td>\n<td style=\"text-align: center;\" width=\"87\" height=\"19\">18<\/td>\n<td width=\"135\" height=\"19\">B. Schr\u00f6der<\/td>\n<\/tr>\n<tr>\n<td width=\"285\" height=\"19\"><a href=\"http:\/\/www.aggertalersegelclub.de\/?page_id=3989\">Ansegeln 2017<\/a><\/td>\n<td style=\"text-align: center;\" width=\"87\" height=\"19\">23<\/td>\n<td width=\"135\" height=\"19\">B. Schr\u00f6der<\/td>\n<\/tr>\n<tr>\n<td width=\"285\" height=\"19\"><a href=\"http:\/\/www.aggertalersegelclub.de\/?page_id=3846\">ASC Winterwanderung 2017<\/a><\/td>\n<td style=\"text-align: center;\" width=\"87\" height=\"19\">20<\/td>\n<td width=\"135\" height=\"19\">B. Schr\u00f6der<\/td>\n<\/tr>\n<tr>\n<td width=\"285\" height=\"19\">&nbsp;<\/td>\n<td style=\"text-align: center;\" width=\"87\" height=\"19\">&nbsp;<\/td>\n<td width=\"135\" height=\"19\">&nbsp;<\/td>\n<\/tr>\n<tr>\n<td width=\"285\" height=\"19\"><a href=\"http:\/\/www.aggertalersegelclub.de\/?page_id=3636\">ASC Clubmeisterschaft 2016<\/a><\/td>\n<td style=\"text-align: center;\" width=\"87\" height=\"19\">18<\/td>\n<td width=\"135\" height=\"19\">B. Schr\u00f6der<\/td>\n<\/tr>\n<tr>\n<td width=\"285\" height=\"19\"><a href=\"http:\/\/www.aggertalersegelclub.de\/?page_id=3552\">ASC Sommerfest 2016<\/a><\/td>\n<td style=\"text-align: center;\" width=\"87\" height=\"19\">29<\/td>\n<td width=\"135\" height=\"19\">H. Schr\u00f6der<\/td>\n<\/tr>\n<tr>\n<td width=\"285\" height=\"19\"><a href=\"http:\/\/www.aggertalersegelclub.de\/?page_id=3575\">Arbeitsdienst + Taufe Astrid<\/a><\/td>\n<td style=\"text-align: center;\" width=\"87\" height=\"19\">51<\/td>\n<td width=\"135\" height=\"19\">H. Schr\u00f6der<\/td>\n<\/tr>\n<tr>\n<td width=\"285\" height=\"19\"><a href=\"http:\/\/www.aggertalersegelclub.de\/?page_id=3386\">Ansegeln 2016<\/a><\/td>\n<td style=\"text-align: center;\" width=\"87\" height=\"19\">31<\/td>\n<td width=\"135\" height=\"19\">J. Birkholz<\/td>\n<\/tr>\n<tr>\n<td width=\"285\" height=\"19\">&nbsp;<\/td>\n<td style=\"text-align: center;\" width=\"87\" height=\"19\">&nbsp;<\/td>\n<td width=\"135\" height=\"19\">&nbsp;<\/td>\n<\/tr>\n<tr>\n<td width=\"285\" height=\"19\"><a href=\"http:\/\/www.aggertalersegelclub.de\/?page_id=3150\">Absegeln 2015<\/a><\/td>\n<td style=\"text-align: center;\" width=\"87\" height=\"19\">50<\/td>\n<td width=\"135\" height=\"19\">G. Zimmermann<\/td>\n<\/tr>\n<tr>\n<td width=\"285\" height=\"19\"><a href=\"http:\/\/www.aggertalersegelclub.de\/?page_id=2825\">ASC Sommerfest 2015 Teil 2<\/a><\/td>\n<td style=\"text-align: center;\" width=\"87\" height=\"19\">31<\/td>\n<td width=\"135\" height=\"19\">G. Zimmermann<\/td>\n<\/tr>\n<tr>\n<td width=\"285\" height=\"19\"><a href=\"http:\/\/www.aggertalersegelclub.de\/?page_id=2755\">ASC Sommerfest 2015 Teil 1<\/a><\/td>\n<td style=\"text-align: center;\" width=\"87\" height=\"19\">78<\/td>\n<td width=\"135\" height=\"19\">B. Schr\u00f6der<\/td>\n<\/tr>\n<tr>\n<td width=\"285\" height=\"19\"><a href=\"http:\/\/www.aggertalersegelclub.de\/?page_id=2413\">ASC Winterwanderung 2015<\/a><\/td>\n<td style=\"text-align: center;\" width=\"87\" height=\"19\">21<\/td>\n<td width=\"135\" height=\"19\">H. Schr\u00f6der<\/td>\n<\/tr>\n<tr>\n<td width=\"285\" height=\"19\">&nbsp;<\/td>\n<td style=\"text-align: center;\" width=\"87\" height=\"19\">&nbsp;<\/td>\n<td width=\"135\" height=\"19\">&nbsp;<\/td>\n<\/tr>\n<tr>\n<td width=\"285\" height=\"19\"><a href=\"http:\/\/www.aggertalersegelclub.de\/?page_id=3003\">Abesegeln\/Jugendtraining 09\/2014<\/a><\/td>\n<td style=\"text-align: center;\" width=\"87\" height=\"19\">87<\/td>\n<td width=\"135\" height=\"19\">J. Birkholz<\/td>\n<\/tr>\n<tr>\n<td width=\"285\" height=\"19\"><a href=\"http:\/\/www.aggertalersegelclub.de\/?page_id=2289\">ASC Sommerfest 2014<\/a><\/td>\n<td style=\"text-align: center;\" width=\"87\" height=\"19\">33<\/td>\n<td width=\"135\" height=\"19\">J. Birkholz<\/td>\n<\/tr>\n<tr>\n<td width=\"285\" height=\"19\"><a href=\"http:\/\/www.aggertalersegelclub.de\/?page_id=2169\">J\u00fcngstensegelschein 2014<\/a><\/td>\n<td style=\"text-align: center;\" width=\"87\" height=\"19\">17<\/td>\n<td width=\"135\" height=\"19\">M. Bilo<\/td>\n<\/tr>\n<tr>\n<td width=\"285\" height=\"19\"><a title=\"Arbeitsdienst Herbst 2013\" href=\"http:\/\/www.aggertalersegelclub.de\/?page_id=2115\">ASC-Jugend bei 420er Westfalenpreis<\/a><\/td>\n<td style=\"text-align: center;\" width=\"87\" height=\"19\">5<\/td>\n<td width=\"135\" height=\"19\">D. Makowski<\/td>\n<\/tr>\n<tr>\n<td width=\"285\" height=\"19\"><a title=\"Arbeitsdienst Herbst 2013\" href=\"http:\/\/www.aggertalersegelclub.de\/?page_id=2047\">Jungendboote auswintern 2014<\/a><\/td>\n<td style=\"text-align: center;\" width=\"87\" height=\"19\">19<\/td>\n<td width=\"135\" height=\"19\">M. Bilo \/ D. Makowski<\/td>\n<\/tr>\n<tr>\n<td width=\"285\" height=\"19\">&nbsp;<\/td>\n<td style=\"text-align: center;\" width=\"87\" height=\"19\">&nbsp;<\/td>\n<td width=\"135\" height=\"19\">&nbsp;<\/td>\n<\/tr>\n<tr>\n<td width=\"285\" height=\"19\"><a title=\"Arbeitsdienst Herbst 2013\" href=\" http:\/\/www.aggertalersegelclub.de\/?page_id=1689\">Arbeitsdienst Herbst 2013<\/a><\/td>\n<td style=\"text-align: center;\" width=\"87\" height=\"19\">16<\/td>\n<td width=\"135\" height=\"19\">A. Schr\u00f6der<\/td>\n<\/tr>\n<tr>\n<td width=\"285\" height=\"19\"><a title=\"Hafenfest 2013\" href=\" http:\/\/www.aggertalersegelclub.de\/?page_id=1616\">Hafenfest 2013<\/a><\/td>\n<td style=\"text-align: center;\" width=\"87\" height=\"19\">11<\/td>\n<td width=\"135\" height=\"19\">M. Krause<\/td>\n<\/tr>\n<tr>\n<td width=\"285\" height=\"19\"><a title=\"Seelehrgang ASC- &amp; YCL Jugend Holland\" href=\"http:\/\/www.aggertalersegelclub.de\/?page_id=1597\">ASC-Jugend beim Seelehrgang in Holland<\/a><\/td>\n<td style=\"text-align: center;\" width=\"87\" height=\"19\">56<\/td>\n<td width=\"135\" height=\"19\">D. Makowski<\/td>\n<\/tr>\n<tr>\n<td width=\"285\" height=\"19\"><a title=\"Stegsanierung 2013\" href=\"http:\/\/www.aggertalersegelclub.de\/?page_id=1510\">Stegsanierung 2013<\/a><\/td>\n<td style=\"text-align: center;\" width=\"87\" height=\"19\">23<\/td>\n<td width=\"135\" height=\"19\">D. Makowski<\/td>\n<\/tr>\n<tr>\n<td width=\"285\" height=\"19\"><a title=\"Eissegeln \u2013 Erstes Training 2013\" href=\"http:\/\/www.aggertalersegelclub.de\/?page_id=1495\">Eissegeln &#8211; Erstes Training Jugendabteilung<\/a><\/td>\n<td style=\"text-align: center;\" width=\"87\" height=\"19\">11<\/td>\n<td width=\"135\" height=\"19\">M. Bilo \/ D. Makowski<\/td>\n<\/tr>\n<tr>\n<td width=\"285\" height=\"19\"><a href=\"http:\/\/www.aggertalersegelclub.de\/?page_id=1429\">Winterwanderung 2013<\/a><\/td>\n<td style=\"text-align: center;\" width=\"87\" height=\"19\">16<\/td>\n<td width=\"135\" height=\"19\">Karl-Hermann Lau<\/td>\n<\/tr>\n<tr>\n<td width=\"285\" height=\"19\">&nbsp;<\/td>\n<td style=\"text-align: center;\" width=\"87\" height=\"19\">&nbsp;<\/td>\n<td width=\"135\" height=\"19\">&nbsp;<\/td>\n<\/tr>\n<tr>\n<td width=\"285\" height=\"19\"><a href=\"http:\/\/www.aggertalersegelclub.de\/?page_id=1317\">Festwochenende &#8211; 50 Jahre ASC<\/a><\/td>\n<td style=\"text-align: center;\" width=\"87\" height=\"19\">45<\/td>\n<td width=\"135\" height=\"19\">Ulli Arends<\/td>\n<\/tr>\n<tr>\n<td width=\"285\" height=\"19\">&nbsp;<\/td>\n<td style=\"text-align: center;\" width=\"87\" height=\"19\">&nbsp;<\/td>\n<td width=\"135\" height=\"19\">&nbsp;<\/td>\n<\/tr>\n<tr>\n<td width=\"285\" height=\"19\"><a href=\"http:\/\/www.aggertalersegelclub.de\/?page_id=1115\">ASC-Clubmeisterschaft 2011<\/a><\/td>\n<td style=\"text-align: center;\" width=\"87\" height=\"19\">44<\/td>\n<td width=\"135\" height=\"19\">Karl-Hermann Lau<\/td>\n<\/tr>\n<tr>\n<td width=\"285\" height=\"19\"><a href=\"http:\/\/www.aggertalersegelclub.de\/?page_id=1086\">ASC Cat-Cup, Ostern 2011<\/a><\/td>\n<td style=\"text-align: center;\" width=\"87\" height=\"19\">6<\/td>\n<td width=\"135\" height=\"19\">Karl-Hermann Lau<\/td>\n<\/tr>\n<tr>\n<td width=\"285\" height=\"19\"><a href=\"http:\/\/www.aggertalersegelclub.de\/?page_id=1023\">ASC-Winterwanderung 15.01.2011<\/a><\/td>\n<td style=\"text-align: center;\" width=\"87\" height=\"19\">22<\/td>\n<td width=\"135\" height=\"19\">Karl-Hermann Lau<\/td>\n<\/tr>\n<tr>\n<td width=\"285\" height=\"19\">&nbsp;<\/td>\n<td style=\"text-align: center;\" width=\"87\" height=\"19\">&nbsp;<\/td>\n<td width=\"135\" height=\"19\">&nbsp;<\/td>\n<\/tr>\n<tr style=\"text-align: left;\">\n<td width=\"285\" height=\"19\"><a href=\"http:\/\/www.aggertalersegelclub.de\/?page_id=922\">Nina Lambrecht auf EM 2010 in Hourtin<\/a><\/td>\n<td style=\"text-align: center;\" width=\"87\" height=\"19\">6<\/td>\n<td width=\"135\" height=\"19\">Fam. Lambrecht<\/td>\n<\/tr>\n<tr>\n<td width=\"285\" height=\"19\"><a href=\"http:\/\/www.aggertalersegelclub.de\/?page_id=875\">J\u00fcngstensegelscheinpr\u00fcfung 2010<\/a><\/td>\n<td style=\"text-align: center;\" width=\"87\" height=\"19\">38<\/td>\n<td width=\"135\" height=\"19\">D. Makowski<\/td>\n<\/tr>\n<tr>\n<td width=\"285\" height=\"19\"><a href=\"http:\/\/www.aggertalersegelclub.de\/?page_id=860\">Sommerfest des ASC am 10.07.2010<\/a><\/td>\n<td style=\"text-align: center;\" width=\"87\" height=\"19\">58<\/td>\n<td width=\"135\" height=\"19\">U. Arends<\/td>\n<\/tr>\n<tr>\n<td width=\"285\" height=\"19\"><a href=\"\/?page_id=808\">I<\/a><a href=\"\/?page_id=808\">mpressionen zum J\u00fcngestensegelscheinkurs 13. Juni<\/a><\/td>\n<td style=\"text-align: center;\" width=\"87\" height=\"19\">46<\/td>\n<td width=\"135\" height=\"19\">D. Makowski<\/td>\n<\/tr>\n<tr>\n<td width=\"285\" height=\"19\"><a href=\"\/?page_id=783\">2. Training der Jugendabteilung am 08. Mai<\/a><\/td>\n<td style=\"text-align: center;\" width=\"87\" height=\"19\">12<\/td>\n<td width=\"135\" height=\"19\">D. Makowski<\/td>\n<\/tr>\n<tr>\n<td width=\"285\" height=\"19\"><a href=\"\/?page_id=774\">Tainingsauftakt der Jugendabteilung 2010<\/a><\/td>\n<td style=\"text-align: center;\" width=\"87\" height=\"19\">9<\/td>\n<td width=\"135\" height=\"19\">S. Wolff<\/td>\n<\/tr>\n<tr>\n<td width=\"285\" height=\"19\">&nbsp;<\/td>\n<td style=\"text-align: center;\" width=\"87\" height=\"19\">&nbsp;<\/td>\n<td width=\"135\" height=\"19\">&nbsp;<\/td>\n<\/tr>\n<tr>\n<td width=\"285\" height=\"19\"><a href=\"?page_id=525\">Weihnachtsfeier der Jugendabteilung 2009<\/a><\/td>\n<td style=\"text-align: center;\" width=\"87\" height=\"19\">76<\/td>\n<td width=\"135\" height=\"19\">D. Makowski<\/td>\n<\/tr>\n<tr>\n<td width=\"285\" height=\"19\"><a href=\"?page_id=524\">J\u00fcngstensegelscheinpr\u00fcfung 2008<\/a><\/td>\n<td style=\"text-align: center;\" width=\"87\" height=\"19\">71<\/td>\n<td width=\"135\" height=\"19\">U. Arends<\/td>\n<\/tr>\n<tr>\n<td width=\"285\" height=\"19\"><a href=\"?page_id=523\">Kentertraining 2008<\/a><\/td>\n<td style=\"text-align: center;\" width=\"87\" height=\"19\">100<\/td>\n<td width=\"135\" height=\"19\">D. Makowski<\/td>\n<\/tr>\n<tr>\n<td width=\"285\" height=\"19\"><a href=\"?page_id=522\">Optitraining 2008<\/a><\/td>\n<td style=\"text-align: center;\" width=\"87\" height=\"19\">47<\/td>\n<td width=\"135\" height=\"19\">S. Arends<\/td>\n<\/tr>\n<tr>\n<td width=\"285\" height=\"19\"><a href=\"?page_id=516\">ASC Rundgang<\/a><\/td>\n<td style=\"text-align: center;\" width=\"87\" height=\"19\">33<\/td>\n<td width=\"135\" height=\"19\">D. Makowski<\/td>\n<\/tr>\n<\/tbody>\n<\/table>\n<p>&nbsp;<\/p>\n<p><img loading=\"lazy\" decoding=\"async\" class=\"alignnone size-full wp-image-512\" title=\"bildgal\" src=\"http:\/\/www.aggertalersegelclub.de\/wordpress\/wp-content\/uploads\/2010\/02\/bildgalgrafik1.jpg\" alt=\"\" width=\"649\" height=\"70\" srcset=\"https:\/\/www.aggertalersegelclub.de\/wordpress\/wp-content\/uploads\/2010\/02\/bildgalgrafik1.jpg 787w, https:\/\/www.aggertalersegelclub.de\/wordpress\/wp-content\/uploads\/2010\/02\/bildgalgrafik1-300x32.jpg 300w\" sizes=\"auto, (max-width: 649px) 100vw, 649px\" \/><\/p>\n","protected":false},"excerpt":{"rendered":"<p>Bitte w\u00e4hlen Sie das entsprechende Album aus. Bildergalerie Bilder Fotograph ASC-Clubmeisterschaft 2022 7 M. Bilo &nbsp; &nbsp; &nbsp; Bootstaufe G. &amp; A. Zimmermann 19 H. + B. Schr\u00f6der Jahreshauptversammlung 2019 2 M. Bilo Winterwanderung 2019 10 B. Schr\u00f6der &nbsp; &nbsp; &nbsp; Arbeitsdienst Oktober 2018 13 H. Schr\u00f6der Kentertraining 2018 9 B. Schr\u00f6der Hafenfest 2018 48 [&hellip;]<\/p>\n","protected":false},"author":1,"featured_media":0,"parent":126,"menu_order":7,"comment_status":"closed","ping_status":"closed","template":"","meta":{"ngg_post_thumbnail":0,"footnotes":"","_links_to":"","_links_to_target":""},"class_list":["post-154","page","type-page","status-publish","hentry"],"_links":{"self":[{"href":"https:\/\/www.aggertalersegelclub.de\/index.php?rest_route=\/wp\/v2\/pages\/154","targetHints":{"allow":["GET"]}}],"collection":[{"href":"https:\/\/www.aggertalersegelclub.de\/index.php?rest_route=\/wp\/v2\/pages"}],"about":[{"href":"https:\/\/www.aggertalersegelclub.de\/index.php?rest_route=\/wp\/v2\/types\/page"}],"author":[{"embeddable":true,"href":"https:\/\/www.aggertalersegelclub.de\/index.php?rest_route=\/wp\/v2\/users\/1"}],"replies":[{"embeddable":true,"href":"https:\/\/www.aggertalersegelclub.de\/index.php?rest_route=%2Fwp%2Fv2%2Fcomments&post=154"}],"version-history":[{"count":106,"href":"https:\/\/www.aggertalersegelclub.de\/index.php?rest_route=\/wp\/v2\/pages\/154\/revisions"}],"predecessor-version":[{"id":5184,"href":"https:\/\/www.aggertalersegelclub.de\/index.php?rest_route=\/wp\/v2\/pages\/154\/revisions\/5184"}],"up":[{"embeddable":true,"href":"https:\/\/www.aggertalersegelclub.de\/index.php?rest_route=\/wp\/v2\/pages\/126"}],"wp:attachment":[{"href":"https:\/\/www.aggertalersegelclub.de\/index.php?rest_route=%2Fwp%2Fv2%2Fmedia&parent=154"}],"curies":[{"name":"wp","href":"https:\/\/api.w.org\/{rel}","templated":true}]}}